{"id":34852,"date":"2022-02-28T17:10:56","date_gmt":"2022-02-28T16:10:56","guid":{"rendered":"https:\/\/www.osa.coop\/la-cooperativa\/como-trabajamos\/las-5-medidas\/"},"modified":"2022-03-07T14:26:43","modified_gmt":"2022-03-07T13:26:43","slug":"las-5-medidas","status":"publish","type":"page","link":"https:\/\/www.osa.coop\/es\/la-cooperativa\/como-trabajamos\/las-5-medidas\/","title":{"rendered":"Las 5 medidas"},"content":{"rendered":"<p>[et_pb_section fb_built=\u00bb1&#8243; _builder_version=\u00bb4.7.3&#8243; _module_preset=\u00bbdefault\u00bb background_color=\u00bb#3b3b3b\u00bb custom_margin=\u00bb0px||0px||false|false\u00bb custom_padding=\u00bb0px||0px||false|false\u00bb global_module=\u00bb14230&#8243;][et_pb_row _builder_version=\u00bb4.7.3&#8243; _module_preset=\u00bbdefault\u00bb width=\u00bb94%\u00bb max_width=\u00bb94%\u00bb custom_margin=\u00bb0px||0px||false|false\u00bb custom_padding=\u00bb5px||5px||false|false\u00bb][et_pb_column type=\u00bb4_4&#8243; _builder_version=\u00bb4.7.3&#8243; _module_preset=\u00bbdefault\u00bb][et_pb_code module_class=\u00bbx-breadcrumb\u00bb _builder_version=\u00bb4.7.3&#8243; _module_preset=\u00bbdefault\u00bb]<span><span><a href=\"https:\/\/www.osa.coop\/es\/\">Home<\/a><\/span><\/span>[\/et_pb_code][\/et_pb_column][\/et_pb_row][\/et_pb_section][et_pb_section fb_built=\u00bb1&#8243; next_background_color=\u00bb#ffffff\u00bb admin_label=\u00bbHero Section\u00bb _builder_version=\u00bb4.6.6&#8243; use_background_color_gradient=\u00bbon\u00bb background_color_gradient_start=\u00bbrgba(0,0,0,0.4)\u00bb background_color_gradient_end=\u00bbrgba(0,0,0,0.4)\u00bb background_color_gradient_overlays_image=\u00bbon\u00bb background_image=\u00bbhttps:\/\/www.osa.coop\/wp-content\/uploads\/2020\/10\/5r-stretta-02.png\u00bb background_position=\u00bbcenter_right\u00bb custom_padding=\u00bb6%||6%|\u00bb filter_saturate=\u00bb91%\u00bb filter_brightness=\u00bb157%\u00bb bottom_divider_style=\u00bbslant\u00bb bottom_divider_height=\u00bb60px\u00bb background_color_gradient_direction__hover=\u00bb180deg\u00bb background_color_gradient_direction__hover_enabled=\u00bb180deg\u00bb background_color_gradient_start_position__hover=\u00bb0%\u00bb background_color_gradient_start_position__hover_enabled=\u00bb0%\u00bb background_color_gradient_end_position__hover=\u00bb100%\u00bb background_color_gradient_end_position__hover_enabled=\u00bb100%\u00bb][et_pb_row admin_label=\u00bbT\u00edtulo de la p\u00e1gina\u00bb _builder_version=\u00bb3.25&#8243;][et_pb_column type=\u00bb4_4&#8243; _builder_version=\u00bb3.25&#8243; custom_padding=\u00bb|||\u00bb custom_padding__hover=\u00bb|||\u00bb][et_pb_text admin_label=\u00bbHero Section Title\u00bb _builder_version=\u00bb4.6.6&#8243; text_font=\u00bbMontserrat||||||||\u00bb text_font_size=\u00bb18px\u00bb text_line_height=\u00bb1.8em\u00bb header_font=\u00bbMontserrat|600||on|||||\u00bb header_font_size=\u00bb48px\u00bb header_letter_spacing=\u00bb3px\u00bb header_line_height=\u00bb1.3em\u00bb header_2_font=\u00bbMontserrat|700|||||||\u00bb header_2_text_color=\u00bbrgba(255,255,255,0.6)\u00bb header_2_font_size=\u00bb90px\u00bb header_2_letter_spacing=\u00bb3px\u00bb header_2_line_height=\u00bb1.1em\u00bb text_orientation=\u00bbcenter\u00bb background_layout=\u00bbdark\u00bb max_width=\u00bb700px\u00bb module_alignment=\u00bbcenter\u00bb custom_margin=\u00bb|||\u00bb animation_style=\u00bbzoom\u00bb animation_direction=\u00bbbottom\u00bb header_font_size_tablet=\u00bb\u00bb header_font_size_phone=\u00bb28px\u00bb header_font_size_last_edited=\u00bbon|phone\u00bb header_2_font_size_tablet=\u00bb\u00bb header_2_font_size_phone=\u00bb50px\u00bb header_2_font_size_last_edited=\u00bbon|phone\u00bb]<\/p>\n<h2 style=\"text-align: center;\">Las 5 medidas<\/h2>\n<h3 class=\"p1\" style=\"text-align: center;\"><span class=\"s1\">D<\/span><span class=\"s2\">irecci\u00f3nnacional<\/span> \u00b7 <span class=\"s1\">N<\/span><span class=\"s2\">ormas claras<\/span> \u00b7 <span class=\"s1\">R<\/span><span class=\"s2\">edes territoriales<\/span><\/h3>\n<h3 class=\"p1\"><span class=\"s1\">F<\/span>unciones definidas \u00b7 Rigor en la medici\u00f3n<\/h3>\n<p>[\/et_pb_text][\/et_pb_column][\/et_pb_row][\/et_pb_section][et_pb_section fb_built=\u00bb1&#8243; admin_label=\u00bbAbout Me Section\u00bb _builder_version=\u00bb3.22&#8243; custom_padding=\u00bb5px||110px|||\u00bb][et_pb_row admin_label=\u00bbT\u00edtulo\u00bb _builder_version=\u00bb3.25&#8243; custom_margin=\u00bb|||\u00bb custom_padding=\u00bb||0px|\u00bb][et_pb_column type=\u00bb4_4&#8243; _builder_version=\u00bb3.25&#8243; custom_padding=\u00bb|||\u00bb custom_padding__hover=\u00bb|||\u00bb][et_pb_divider show_divider=\u00bboff\u00bb _builder_version=\u00bb3.2&#8243; max_width=\u00bb23px\u00bb module_alignment=\u00bbcenter\u00bb animation_style=\u00bbslide\u00bb animation_intensity_slide=\u00bb20%\u00bb animation_starting_opacity=\u00bb100%\u00bb][\/et_pb_divider][\/et_pb_column][\/et_pb_row][et_pb_row column_structure=\u00bb1_2,1_2&#8243; admin_label=\u00bbSobre m\u00ed\u00bb _builder_version=\u00bb4.7.7&#8243; custom_margin=\u00bb-4px|auto||auto||\u00bb hover_enabled=\u00bb0&#8243; sticky_enabled=\u00bb0&#8243;][et_pb_column type=\u00bb1_2&#8243; _builder_version=\u00bb3.25&#8243; custom_padding=\u00bb|||\u00bb custom_padding__hover=\u00bb|||\u00bb][et_pb_text admin_label=\u00bbTitle\u00bb _builder_version=\u00bb4.7.7&#8243; text_font=\u00bbMontserrat||||||||\u00bb text_text_color=\u00bb#333333&#8243; text_font_size=\u00bb30px\u00bb text_line_height=\u00bb1.8em\u00bb link_font=\u00bb||||on|||#f46624|\u00bb link_text_color=\u00bb#333333&#8243; header_font=\u00bb||||||||\u00bb header_2_font=\u00bbMontserrat|600||on|||||\u00bb header_2_text_align=\u00bbcenter\u00bb header_2_font_size=\u00bb30px\u00bb background_color=\u00bb#ffffff\u00bb max_width=\u00bb800px\u00bb module_alignment=\u00bbcenter\u00bb min_height=\u00bb579px\u00bb custom_margin=\u00bb||40px|\u00bb custom_padding=\u00bb67px|0px|8px|9px||\u00bb animation_style=\u00bbslide\u00bb animation_direction=\u00bbright\u00bb animation_intensity_slide=\u00bb20%\u00bb animation_starting_opacity=\u00bb100%\u00bb]<\/p>\n<p class=\"p1\" style=\"text-align: right;\">OSA Operatori Sanitari Associati no s\u00f3lo es un agente activo en el \u00e1mbito laboral y, por consiguiente, en la econom\u00eda nacional. Junto con Confcooperative, de la que es miembro, es tambi\u00e9n un actor clave en el sector terciario<span class=\"Apple-converted-space\">  <\/span>y, por lo tanto, en las pol\u00edticas sociales del Pa\u00eds.<\/p>\n<p>[\/et_pb_text][et_pb_text _builder_version=\u00bb4.6.6&#8243; text_font=\u00bb||||||||\u00bb text_font_size=\u00bb16px\u00bb text_line_height=\u00bb1.8em\u00bb header_font=\u00bb||||||||\u00bb max_width=\u00bb90%\u00bb custom_margin=\u00bb|||\u00bb animation_style=\u00bbflip\u00bb animation_direction=\u00bbleft\u00bb animation_intensity_flip=\u00bb30%\u00bb animation_starting_opacity=\u00bb100%\u00bb][\/et_pb_text][\/et_pb_column][et_pb_column type=\u00bb1_2&#8243; _builder_version=\u00bb3.25&#8243; custom_padding=\u00bb|||\u00bb custom_padding__hover=\u00bb|||\u00bb][et_pb_text _builder_version=\u00bb4.7.5&#8243; _module_preset=\u00bbdefault\u00bb]<\/p>\n<p class=\"p1\">Precisamente en virtud de esta funci\u00f3n m\u00e1s estrat\u00e9gica, la labor de nuestra Cooperativa, incluidas las actividades llevadas a cabo en el marco de Confcooperative Sanit\u00e0, apuntan a la reestructuraci\u00f3n del Sistema Nacional de Salud y, m\u00e1s en general, de Pianeta Salute.<\/p>\n<p class=\"p3\">La cuesti\u00f3n m\u00e1s importante es la atenci\u00f3n a los pacientes cr\u00f3nicos que, despu\u00e9s de haber sido desatendida e infravalorada durante d\u00e9cadas debido tambi\u00e9n al devastador impacto de la pandemia, por fin ha vuelto a aparecer en la agenda de los legisladores y administradores de los servicios de salud.<\/p>\n<p class=\"p3\"><span class=\"s1\">El modelo de las <\/span><strong><span class=\"s2\">\u00ab5 medidas\u00bb<\/span><\/strong><span class=\"s1\">, que es el resultado de la experiencia sobre el terreno, de los conocimientos adquiridos y de la misi\u00f3n del movimiento cooperativo, resume de forma concreta la secuencia de medidas necesarias para encontrar una soluci\u00f3n a la insuficiencia de atenci\u00f3n primaria que relega Italia al farolillo rojo <\/span><span class=\"s1\">en las clasificaciones de los avances en el \u00e1mbito asistencial.<\/span><\/p>\n<p class=\"p3\">Ser\u00e1 necesario construir una <strong><span class=\"s3\">Direcci\u00f3n Nacional \u00danica<\/span><\/strong><span class=\"s4\">,<\/span> bajo la responsabilidad del Estado, que asuma la tarea de planificaci\u00f3n y control; definir<span class=\"s4\"> <\/span><strong><span class=\"s3\">Normas claras<\/span><\/strong><span class=\"s4\"> <\/span>e inequ\u00edvocas para los procesos de autorizaci\u00f3n y acreditaci\u00f3n y, as\u00ed, evitar el sistema de las licitaciones; crear <span class=\"s3\"><strong>Redes territoriales <\/strong><\/span>con los m\u00e9dicos de medicina general, las farmacias de servicios y los proveedores de asistencia sociosanitaria; definir las <strong><span class=\"s3\">Funciones<\/span><\/strong> de p\u00fablico, privado con fines de lucro y privado sin fines de lucro; exigir <strong><span class=\"s3\">Rigor<\/span> en la medici\u00f3n,<\/strong><span class=\"s5\">no s\u00f3lo<\/span> en t\u00e9rminos de cantidad de las prestaciones sino, sobre todo, en t\u00e9rminos de calidad y resultados a nivel de salud.<\/p>\n<p class=\"p3\"><span class=\"s6\">En los \u00faltimos a\u00f1os, el Presidente de OSA y de Confcooperative Sanit\u00e0, Giuseppe Milanese, se ha dedicado con mucha entrega a los temas de este modelo.<\/span><\/p>\n<p>[\/et_pb_text][\/et_pb_column][\/et_pb_row][\/et_pb_section]<\/p>\n","protected":false},"excerpt":{"rendered":"<p><span><span><a href=\"https:\/\/www.osa.coop\/es\/\">Home<\/a><\/span><\/span>Las 5 medidas Direcci\u00f3nnacional \u00b7 Normas claras \u00b7 Redes territoriales Funciones definidas \u00b7 Rigor en la medici\u00f3nOSA Operatori Sanitari Associati no s\u00f3lo es un agente activo en el \u00e1mbito laboral y, por consiguiente, en la econom\u00eda nacional. Junto con Confcooperative, de la que es miembro, es tambi\u00e9n un actor clave en el sector terciario y, [&hellip;]<\/p>\n","protected":false},"author":1,"featured_media":0,"parent":34818,"menu_order":0,"comment_status":"closed","ping_status":"closed","template":"","meta":{"_et_pb_use_builder":"on","_et_pb_old_content":"","_et_gb_content_width":"","footnotes":""},"class_list":["post-34852","page","type-page","status-publish","hentry"],"yoast_head":"<!-- This site is optimized with the Yoast SEO plugin v26.6 - https:\/\/yoast.com\/wordpress\/plugins\/seo\/ -->\n<title>Las 5 medidas - OSA coop<\/title>\n<meta name=\"robots\" content=\"index, follow, max-snippet:-1, max-image-preview:large, max-video-preview:-1\" \/>\n<link rel=\"canonical\" href=\"https:\/\/www.osa.coop\/es\/la-cooperativa\/como-trabajamos\/las-5-medidas\/\" \/>\n<meta property=\"og:locale\" content=\"es_ES\" \/>\n<meta property=\"og:type\" content=\"article\" \/>\n<meta property=\"og:title\" content=\"Las 5 medidas - OSA coop\" \/>\n<meta property=\"og:description\" content=\"Las 5 medidas Direcci\u00f3nnacional \u00b7 Normas claras \u00b7 Redes territoriales Funciones definidas \u00b7 Rigor en la medici\u00f3nOSA Operatori Sanitari Associati no s\u00f3lo es un agente activo en el \u00e1mbito laboral y, por consiguiente, en la econom\u00eda nacional. Junto con Confcooperative, de la que es miembro, es tambi\u00e9n un actor clave en el sector terciario y, [&hellip;]\" \/>\n<meta property=\"og:url\" content=\"https:\/\/www.osa.coop\/es\/la-cooperativa\/como-trabajamos\/las-5-medidas\/\" \/>\n<meta property=\"og:site_name\" content=\"OSA coop\" \/>\n<meta property=\"article:modified_time\" content=\"2022-03-07T13:26:43+00:00\" \/>\n<meta name=\"twitter:card\" content=\"summary_large_image\" \/>\n<meta name=\"twitter:label1\" content=\"Tiempo de lectura\" \/>\n\t<meta name=\"twitter:data1\" content=\"5 minutos\" \/>\n<script type=\"application\/ld+json\" class=\"yoast-schema-graph\">{\"@context\":\"https:\/\/schema.org\",\"@graph\":[{\"@type\":\"WebPage\",\"@id\":\"https:\/\/www.osa.coop\/es\/la-cooperativa\/como-trabajamos\/las-5-medidas\/\",\"url\":\"https:\/\/www.osa.coop\/es\/la-cooperativa\/como-trabajamos\/las-5-medidas\/\",\"name\":\"Las 5 medidas - OSA coop\",\"isPartOf\":{\"@id\":\"https:\/\/www.osa.coop\/es\/#website\"},\"datePublished\":\"2022-02-28T16:10:56+00:00\",\"dateModified\":\"2022-03-07T13:26:43+00:00\",\"breadcrumb\":{\"@id\":\"https:\/\/www.osa.coop\/es\/la-cooperativa\/como-trabajamos\/las-5-medidas\/#breadcrumb\"},\"inLanguage\":\"es\",\"potentialAction\":[{\"@type\":\"ReadAction\",\"target\":[\"https:\/\/www.osa.coop\/es\/la-cooperativa\/como-trabajamos\/las-5-medidas\/\"]}]},{\"@type\":\"BreadcrumbList\",\"@id\":\"https:\/\/www.osa.coop\/es\/la-cooperativa\/como-trabajamos\/las-5-medidas\/#breadcrumb\",\"itemListElement\":[{\"@type\":\"ListItem\",\"position\":1,\"name\":\"Home\",\"item\":\"https:\/\/www.osa.coop\/es\/\"},{\"@type\":\"ListItem\",\"position\":2,\"name\":\"La cooperativa\",\"item\":\"https:\/\/www.osa.coop\/es\/la-cooperativa\/\"},{\"@type\":\"ListItem\",\"position\":3,\"name\":\"C\u00f3mo trabajamos\",\"item\":\"https:\/\/www.osa.coop\/es\/la-cooperativa\/le-3-a\/\"},{\"@type\":\"ListItem\",\"position\":4,\"name\":\"Las 5 medidas\"}]},{\"@type\":\"WebSite\",\"@id\":\"https:\/\/www.osa.coop\/es\/#website\",\"url\":\"https:\/\/www.osa.coop\/es\/\",\"name\":\"OSA coop\",\"description\":\"Operatori Sanitari Associati\",\"potentialAction\":[{\"@type\":\"SearchAction\",\"target\":{\"@type\":\"EntryPoint\",\"urlTemplate\":\"https:\/\/www.osa.coop\/es\/?s={search_term_string}\"},\"query-input\":{\"@type\":\"PropertyValueSpecification\",\"valueRequired\":true,\"valueName\":\"search_term_string\"}}],\"inLanguage\":\"es\"}]}<\/script>\n<!-- \/ Yoast SEO plugin. -->","yoast_head_json":{"title":"Las 5 medidas - OSA coop","robots":{"index":"index","follow":"follow","max-snippet":"max-snippet:-1","max-image-preview":"max-image-preview:large","max-video-preview":"max-video-preview:-1"},"canonical":"https:\/\/www.osa.coop\/es\/la-cooperativa\/como-trabajamos\/las-5-medidas\/","og_locale":"es_ES","og_type":"article","og_title":"Las 5 medidas - OSA coop","og_description":"Las 5 medidas Direcci\u00f3nnacional \u00b7 Normas claras \u00b7 Redes territoriales Funciones definidas \u00b7 Rigor en la medici\u00f3nOSA Operatori Sanitari Associati no s\u00f3lo es un agente activo en el \u00e1mbito laboral y, por consiguiente, en la econom\u00eda nacional. Junto con Confcooperative, de la que es miembro, es tambi\u00e9n un actor clave en el sector terciario y, [&hellip;]","og_url":"https:\/\/www.osa.coop\/es\/la-cooperativa\/como-trabajamos\/las-5-medidas\/","og_site_name":"OSA coop","article_modified_time":"2022-03-07T13:26:43+00:00","twitter_card":"summary_large_image","twitter_misc":{"Tiempo de lectura":"5 minutos"},"schema":{"@context":"https:\/\/schema.org","@graph":[{"@type":"WebPage","@id":"https:\/\/www.osa.coop\/es\/la-cooperativa\/como-trabajamos\/las-5-medidas\/","url":"https:\/\/www.osa.coop\/es\/la-cooperativa\/como-trabajamos\/las-5-medidas\/","name":"Las 5 medidas - OSA coop","isPartOf":{"@id":"https:\/\/www.osa.coop\/es\/#website"},"datePublished":"2022-02-28T16:10:56+00:00","dateModified":"2022-03-07T13:26:43+00:00","breadcrumb":{"@id":"https:\/\/www.osa.coop\/es\/la-cooperativa\/como-trabajamos\/las-5-medidas\/#breadcrumb"},"inLanguage":"es","potentialAction":[{"@type":"ReadAction","target":["https:\/\/www.osa.coop\/es\/la-cooperativa\/como-trabajamos\/las-5-medidas\/"]}]},{"@type":"BreadcrumbList","@id":"https:\/\/www.osa.coop\/es\/la-cooperativa\/como-trabajamos\/las-5-medidas\/#breadcrumb","itemListElement":[{"@type":"ListItem","position":1,"name":"Home","item":"https:\/\/www.osa.coop\/es\/"},{"@type":"ListItem","position":2,"name":"La cooperativa","item":"https:\/\/www.osa.coop\/es\/la-cooperativa\/"},{"@type":"ListItem","position":3,"name":"C\u00f3mo trabajamos","item":"https:\/\/www.osa.coop\/es\/la-cooperativa\/le-3-a\/"},{"@type":"ListItem","position":4,"name":"Las 5 medidas"}]},{"@type":"WebSite","@id":"https:\/\/www.osa.coop\/es\/#website","url":"https:\/\/www.osa.coop\/es\/","name":"OSA coop","description":"Operatori Sanitari Associati","potentialAction":[{"@type":"SearchAction","target":{"@type":"EntryPoint","urlTemplate":"https:\/\/www.osa.coop\/es\/?s={search_term_string}"},"query-input":{"@type":"PropertyValueSpecification","valueRequired":true,"valueName":"search_term_string"}}],"inLanguage":"es"}]}},"_links":{"self":[{"href":"https:\/\/www.osa.coop\/es\/wp-json\/wp\/v2\/pages\/34852","targetHints":{"allow":["GET"]}}],"collection":[{"href":"https:\/\/www.osa.coop\/es\/wp-json\/wp\/v2\/pages"}],"about":[{"href":"https:\/\/www.osa.coop\/es\/wp-json\/wp\/v2\/types\/page"}],"author":[{"embeddable":true,"href":"https:\/\/www.osa.coop\/es\/wp-json\/wp\/v2\/users\/1"}],"replies":[{"embeddable":true,"href":"https:\/\/www.osa.coop\/es\/wp-json\/wp\/v2\/comments?post=34852"}],"version-history":[{"count":23,"href":"https:\/\/www.osa.coop\/es\/wp-json\/wp\/v2\/pages\/34852\/revisions"}],"predecessor-version":[{"id":35584,"href":"https:\/\/www.osa.coop\/es\/wp-json\/wp\/v2\/pages\/34852\/revisions\/35584"}],"up":[{"embeddable":true,"href":"https:\/\/www.osa.coop\/es\/wp-json\/wp\/v2\/pages\/34818"}],"wp:attachment":[{"href":"https:\/\/www.osa.coop\/es\/wp-json\/wp\/v2\/media?parent=34852"}],"curies":[{"name":"wp","href":"https:\/\/api.w.org\/{rel}","templated":true}]}}